{"id":2,"date":"2016-05-10T10:03:41","date_gmt":"2016-05-10T10:03:41","guid":{"rendered":"http:\/\/cenavj.localhost\/?page_id=2"},"modified":"2024-08-31T17:48:13","modified_gmt":"2024-08-31T17:48:13","slug":"cena-very-jirousove","status":"publish","type":"page","link":"https:\/\/www.cenavj.cz\/?page_id=2","title":{"rendered":"O cen\u011b"},"content":{"rendered":"<h2 id=\"v\u011bra-jirousov\u00e1-19442011\">V\u011bra Jirousov\u00e1 (1944\u20132011)<\/h2>\n<p><img loading=\"lazy\" decoding=\"async\" class=\"alignnone wp-image-65 size-medium\" src=\"https:\/\/www.cenavj.cz\/wp-content\/uploads\/2016\/06\/about-vera-jirousova-200x200.png\" alt=\"\" width=\"200\" height=\"200\" srcset=\"https:\/\/www.cenavj.cz\/wp-content\/uploads\/2016\/06\/about-vera-jirousova-200x200.png 200w, https:\/\/www.cenavj.cz\/wp-content\/uploads\/2016\/06\/about-vera-jirousova-150x150.png 150w, https:\/\/www.cenavj.cz\/wp-content\/uploads\/2016\/06\/about-vera-jirousova.png 400w\" sizes=\"auto, (max-width: 200px) 85vw, 200px\" \/><br \/>\nCena nese jm\u00e9no \u010desk\u00e9 b\u00e1sn\u00ed\u0159ky, kriti\u010dky a histori\u010dky um\u011bn\u00ed V\u011bry Jirousov\u00e9, kter\u00e1 se a\u017e do sv\u00e9 smrti ne\u00fanavn\u011b v\u011bnovala reflexi sou\u010dasn\u00e9ho um\u011bn\u00ed, publikovala dlouhou \u0159adu recenz\u00ed a sledovala d\u011bn\u00ed na v\u00fdtvarn\u00e9 sc\u00e9n\u011b.<\/p>\n<p>V\u011bra Jirousov\u00e1 byla sou\u010d\u00e1st\u00ed \u010desk\u00e9ho undergroundu a opozi\u010dn\u00edch kruh\u016f. Byla tajemnic\u00ed um\u011bleck\u00e9ho sdru\u017een\u00ed K\u0159\u00ed\u017eovnick\u00e1 \u0161kola \u010dist\u00e9ho humoru bez vtipu, kter\u00e9 zalo\u017eili um\u011blci Karel Nepra\u0161 a Jan Stekl\u00edk. Mezi jej\u00ed bl\u00edzk\u00e9 p\u0159\u00e1tele pat\u0159ili tak\u00e9 \u010dlenov\u00e9 skupiny The Plastic People of the Universe, kter\u00fdm napsala n\u011bkolik text\u016f p\u00edsn\u00ed. Jako signat\u00e1\u0159ka Charty 77 se za normalizace\u00a0nemohla ve sv\u00e9m oboru ve\u0159ejn\u011b realizovat, av\u0161ak sv\u00e9 b\u00e1sn\u011b zve\u0159ej\u0148ovala alespo\u0148 v samizdatov\u00fdch sborn\u00edc\u00edch, n\u011bkolik let \u017eila v \u00fastran\u00ed na venkov\u011b.<\/p>\n<p>Po roce 1989 se vr\u00e1tila do Prahy a za\u010dala naplno publikovat, pracovala v Pam\u00e1tn\u00edku n\u00e1rodn\u00edho p\u00edsemnictv\u00ed, na Ministerstvu kultury, a pozd\u011bji v N\u00e1rodn\u00ed Galerii ve Sb\u00edrce modern\u00edho a sou\u010dasn\u00e9ho um\u011bn\u00ed. Psala texty do v\u00fdstavn\u00edch katalog\u016f, ale i do \u0159ady periodik jako nap\u0159\u00edklad: Ateli\u00e9r, V\u00fdtvarn\u00e9 um\u011bn\u00ed, Lidov\u00e9 noviny, MF DNES, Respekt, Souvislosti, Liter\u00e1rn\u00ed noviny, \u010dasopis Host nebo Divadeln\u00ed noviny.<\/p>\n<p>Od roku 2004 pak publikovala p\u0159edev\u0161\u00edm v internetov\u00e9m Den\u00edku Referendum, p\u0159edev\u0161\u00edm form\u00e1t recenz\u00ed na aktu\u00e1ln\u00ed v\u00fdstavy. Ne\u00fanavn\u011b sledovala d\u011bn\u00ed na sc\u00e9n\u011b a osobit\u00fdm zp\u016fsobem reflektovala sou\u010dasn\u00e9 um\u011bn\u00ed a\u017e do konce.<\/p>\n<h2 id=\"o-cen\u011b\">O cen\u011b<\/h2>\n<p>Cena V\u011bry Jirousov\u00e9 je ur\u010den\u00e1 za\u010d\u00ednaj\u00edc\u00edm a ji\u017e etablovan\u00fdm kritik\u016fm a kriti\u010dk\u00e1m v\u00fdtvarn\u00e9ho um\u011bn\u00ed z \u010desko-slovensk\u00e9ho kulturn\u00edho prost\u0159ed\u00ed, bez ohledu na dosa\u017een\u00e9 vzd\u011bl\u00e1n\u00ed, povol\u00e1n\u00ed, v\u011bk \u010di n\u00e1rodnost. Chce upozornit na d\u016fle\u017eit\u00fd a v \u010desk\u00e9m prost\u0159ed\u00ed dosud m\u00e1lo reflektovan\u00fd obor, podpo\u0159it za\u010d\u00ednaj\u00edc\u00ed autory a pomoci jim p\u0159i hled\u00e1n\u00ed p\u0159\u00edle\u017eitost\u00ed pro publikaci jejich text\u016f. Sou\u010dasn\u011b chce touto cestou pouk\u00e1zat na pr\u00e1ci autor\u016f, kte\u0159\u00ed se v oblasti um\u011bleck\u00e9 kritiky dlouhodob\u011b aktivn\u011b pohybuj\u00ed a spoluutv\u00e1\u0159\u00ed tak kulturn\u00ed prost\u0159ed\u00ed.<\/p>\n<p>Form\u00e1t sout\u011b\u017ee by m\u011bl vedle v\u00fdslovn\u00e9ho ocen\u011bn\u00ed konkr\u00e9tn\u00edch individualit, kter\u00e9 osobit\u00fdm zp\u016fsobem rozv\u00edj\u00ed obor kritiky, p\u0159edev\u0161\u00edm pouk\u00e1zat na mno\u017estv\u00ed p\u0159\u00edstup\u016f a mo\u017enost\u00ed zosob\u0148uj\u00edc\u00edch pojem kritiky v\u00fdtvarn\u00e9ho um\u011bn\u00ed dnes.<\/p>\n<p>C\u00edlem CVJ je\u00a0motivovat dal\u0161\u00ed autory a z\u00e1rove\u0148 podpo\u0159it mo\u017enosti reflexe pro aktivn\u011b p\u016fsob\u00edc\u00ed kritiky a kriti\u010dky nikoliv jen samotn\u00fdm ocen\u011bn\u00edm, ale i skrze bohat\u00fd doprovodn\u00fd program k jednotliv\u00fdm ro\u010dn\u00edk\u016fm Ceny V\u011bry Jirousov\u00e9.<\/p>\n<p>Cena V\u011bry Jirousov\u00e9 vznikla v roce 2012. Jej\u00ed prvn\u00ed ro\u010dn\u00edk byl vyhl\u00e1\u0161en v\u00a0lednu 2013 spole\u010dnou iniciativou mezin\u00e1rodn\u00edho neziskov\u00e9ho centra sou\u010dasn\u00e9ho um\u011bn\u00ed MeetFactory, kulturn\u00ed organizac\u00ed INI Project a \u010cesk\u00fdmi centry. Na p\u0159elomu let 2020 a 2021 se CVJ osamostatnila zalo\u017een\u00edm nov\u00e9ho spolku, ktery\u0301 je tvor\u030ceny\u0301 a podporovany\u0301 partnersky\u0301mi institucemi: <a href=\"https:\/\/www.artantiques.cz\/\">Art Antiques<\/a> (Tom\u00e1\u0161 Kli\u010dka), <a href=\"https:\/\/artalk.info\/\">Artalk.cz<\/a> (Ane\u017eka Bartlov\u00e1), <a href=\"https:\/\/avu.cz\/oddeleni\/artycok\">Arty\u010dok.TV<\/a> (Jan Rous), <a href=\"https:\/\/cca.fcca.cz\/aktualne\/\">Centrum pro sou\u010dasn\u00e9 um\u011bn\u00ed Praha<\/a> (Ond\u0159ej Stupal) a <a href=\"https:\/\/spolekskutek.cz\/\">spolek Skutek<\/a> (Ji\u0159\u00ed Pt\u00e1\u010dek). P\u0159edsedkyn\u00ed Cena Ve\u030cry Jirousove\u0301, z. s. byla od jeho zalo\u017een\u00ed (2020) Eva Skopalov\u00e1. Tu v kv\u011btnu roku 2024 nahradila Eva Slab\u00e1 (eva.slaba@www.cenavj.cz).<\/p>\n<h2 id=\"cena-v\u011bry-jirousov\u00e9-v-kategorii-etablovan\u00fdch-kritik\u016f-a-za-p\u0159\u00ednos-oboru\">Cena V\u011bry Jirousov\u00e9 v kategorii etablovan\u00fdch kritik\u016f a za p\u0159\u00ednos oboru<\/h2>\n<h3>2023\/ Ivana Rumanov\u00e1<\/h3>\n<p>Vystudovala kulturn\u00ed antropologii na FF UK v Praze a obor Kulturn\u00ed projekty ve ve\u0159ejn\u00e9m prostoru na pa\u0159\u00ed\u017esk\u00e9 Universit\u00e9 Paris 1 Panth\u00e9on-Sorbonne. Mezi jej\u00ed ned\u00e1vn\u00e9 projekty pat\u0159\u00ed vy\u0301stavn\u00ed projekt Nikdy sme neboli bli\u017e\u0161ie v tranzit.sk (spolu s Du\u0161anem Barokem), spoluorganizov\u00e1n\u00ed interdisciplin\u00e1rn\u00edho projektu Semin\u00e1r urb\u00e1nnej imagin\u00e1cie (spolu s Eli\u0161kou Mazalanovou a Petrem Szalayem), ktery\u0301 zkoum\u00e1 pr\u00e1vo na m\u011bsto v dob\u011b klimatick\u00e9 krize, a spolupr\u00e1ce na vy\u0301zkumn\u00e9m projektu Martina Pia\u010dka Liquid Dogmas. V sou\u010dasnosti tak\u00e9 extern\u011b spolupracuje s Galeri\u00ed m\u011bsta Bratislavy, pro ni\u017e kur\u00e1torsky zast\u0159e\u0161uje program ve ve\u0159ejn\u00e9m prostoru zam\u011b\u0159eny\u0301 na reflexi gentrifikace a nedostupnosti bydlen\u00ed.<\/p>\n<h3><strong>2021 \/ Milena Bartlov\u00e1<\/strong><\/h3>\n<p>Narozena 1958,\u00a0<span lang=\"cs\">profesorka d\u011bjin um\u011bn\u00ed, p\u016fsob\u00ed na UMPRUM v Praze. P\u0159edt\u00edm pracovala jako administrativn\u00ed pracovnice a posl\u00e9ze kur\u00e1torka v N\u00e1rodn\u00ed galerii v Praze, 1998\u20132010 v Semin\u00e1\u0159i d\u011bjin um\u011bn\u00ed Filozofick\u00e9 fakulty MU v Brn\u011b. V letech 1987-90\u00a0 publikovala v\u00fdtvarn\u00e9 kritiky v samizdatu (Lidov\u00e9 noviny, N\u011bkdo n\u011bco) i v legalizovan\u00fdch LN \u010d\u00e1ste\u010dn\u011b pod pseudonymem Marie Bergmannov\u00e1. V\u011bnuje se d\u011bjin\u00e1m um\u011bn\u00ed st\u0159edov\u011bku zejm\u00e9na ve st\u0159edn\u00ed Evrop\u011b, d\u011bjin\u00e1m a metodologii oboru d\u011bjiny um\u011bn\u00ed, vizu\u00e1ln\u00edm studi\u00edm a muzeologii. Krom\u011b odborn\u00fdch monografi\u00ed a p\u0159\u00edsp\u011bvk\u016f do v\u011bdeck\u00fdch \u010dasopis\u016f, katalog\u016f a sborn\u00edk\u016f kontinu\u00e1ln\u011b p\u00ed\u0161e tak\u00e9 kulturn\u011b-politickou publicistiku. Koment\u00e1\u0159e z rubriky In_margine publikovan\u00e9 na serveru Artlak.cz za roky 2010\u20132012 vy\u0161ly v kn\u00ed\u017ece Obrazy + ud\u00e1losti (V\u0160UP: Praha 2012). Pro \u010dasopis Art+Antique soustavn\u011b p\u00ed\u0161e od roku 2007, od roku 2016 vyd\u00e1v\u00e1 texty v pravideln\u00e9 rubrice cyklus Pozn\u00e1mky k (d\u011bjin\u00e1m) um\u011bn\u00ed.<\/span><\/p>\n<h3><strong>2019 \/ Viktor \u010cech<\/strong><\/h3>\n<p>Viktor \u010cech je kur\u00e1tor, kritik a teoretik sou\u010dasn\u00e9ho um\u011bn\u00ed. Dlouhodob\u011b se zab\u00fdv\u00e1 performativn\u00edmi projevy v sou\u010dasn\u00e9m um\u011bn\u00ed a jeho p\u0159esahy do oblasti tance \u010di experiment\u00e1ln\u00edho divadla. Jeho v\u00fdzkum vy\u00fastil v publikaci Choreografick\u00fd moment v sou\u010dasn\u00e9m um\u011bn\u00ed vydanou v leto\u0161n\u00edm roce. V\u00fdtvarn\u00e9 kritice se v\u011bnuje systematicky a sv\u00e9 texty publikuje v ti\u0161t\u011bn\u00fdch i elektronick\u00fdch m\u00e9di\u00edch, jako jsou art+antiques, Artalk.cz, Flash Art, A2 \u010di d\u0159\u00edve Ateli\u00e9r.\u00a0Jako kur\u00e1tor se pod\u00edlel na provozu n\u011bkolika galeri\u00ed (mj. Karlin Studios \u010di I.D.A.) a realizoval \u0159adu v\u00fdstavn\u00edch projekt\u016f, nap\u0159. Mystika hygieny (OGL) nebo Hearing Economy (GAMU). Pedagogicky p\u016fsob\u00ed na Kated\u0159e v\u00fdtvarn\u00e9 v\u00fdchovy PedF UK v Praze. Vystudoval d\u011bjiny um\u011bn\u00ed na FF UK a v sou\u010dasnosti je doktorandem na FUD UJEP v \u00dast\u00ed nad Labem.<\/p>\n<h3 id=\"michal-novotn\u00fd\">2017 \/ Tom\u00e1\u0161 Pospiszyl<\/h3>\n<p>Narozen 1967, pedagog, kur\u00e1tor a kritik. V minulosti pracoval jako kur\u00e1tor v N\u00e1rodn\u00ed galerii v Praze, byl \u0159editelem Spole\u010dnosti Jind\u0159icha Chalupeck\u00e9ho, v sou\u010dasnosti je p\u0159edsedou jej\u00ed spr\u00e1vn\u00ed rady.\u00a0 Pravideln\u011b p\u0159isp\u00edval pro<br \/>\nLidov\u00e9 noviny v letech 1996 a 1997 z USA, kdy byla jeho sty\u010dnou redaktorkou pr\u00e1v\u011b V\u011bra Jirousov\u00e1. Od roku 2003 vyu\u010duje na pra\u017esk\u00e9 FAMU, od roku 2012 p\u0159edn\u00e1\u0161\u00ed tak\u00e9 na Akademii v\u00fdtvarn\u00fdch um\u011bn\u00ed, kde je vedouc\u00edm Katedry teorie a d\u011bjin um\u011bn\u00ed. Dlouhodob\u011b spolupracuje s iniciativou Tranzit.cz.<\/p>\n<h3>2016 \/ Michal Novotn\u00fd<\/h3>\n<p>Narozen 1985, je kur\u00e1tor a kritik sou\u010dasn\u00e9ho um\u011bn\u00ed. Jako kur\u00e1tor se \u00fa\u010dastnil pobyt\u016f ve Villa Arson v Nice a Independent Curators International v New Yorku. Dlouhodob\u011b spolupracuje s \u010dasopisem Art+Antiques, publikuje na Artalk.cz nebo v kulturn\u00edm \u010dtrn\u00e1ctiden\u00edku A2. Od roku 2011 je \u0159editelem a kur\u00e1torem v Centru pro sou\u010dasn\u00e9 um\u011bn\u00ed Futura v Praze, v roce 2016 byl port\u00e1lem Artsy.com za\u0159azen mezi 20 nejvlivn\u011bj\u0161\u00edch mlad\u00fdch kur\u00e1tor\u016f v Evrop\u011b. V sou\u010dasn\u00e9 dob\u011b je asistentem v Ateli\u00e9ru malby na V\u0160UP.<\/p>\n<h3 id=\"ji\u0159\u00ed-pt\u00e1\u010dek\">2015 \/ Ji\u0159\u00ed Pt\u00e1\u010dek<\/h3>\n<p>Narozen 1975, je kritik um\u011bn\u00ed a kur\u00e1tor v\u00fdstav sou\u010dasn\u00e9ho um\u011bn\u00ed. Od roku 2012 do sou\u010dasnosti zaji\u0161\u0165uje dramaturgii Fotograf Gallery v Praze. Coby extern\u00ed kur\u00e1tor spolupracuje s \u0159adou galerijn\u00edch instituc\u00ed. Texty publikuje periodicky v \u010dasopisu Art+Antiques a na Artalk.cz. Pravideln\u011b p\u0159isp\u00edv\u00e1 do \u010dasopisu Nov\u00fd prostor. Od roku 2015 spolupracuje s Arty\u010dok.tv.<\/p>\n<h3 id=\"tereza-stejskalov\u00e1\">2014 \/ Tereza Stejskalov\u00e1<\/h3>\n<p>Narozena 1981, je kriti\u010dkou um\u011bn\u00ed a kur\u00e1torkou. P\u016fsobila v redakci kulturn\u00edho \u010dtrn\u00e1ctiden\u00edku A2 a pozd\u011bji jako redaktorka koment\u00e1\u0159ov\u00e9ho den\u00edku A2larm.cz, v sou\u010dasnosti je kur\u00e1torkou organizace tranzit.cz.<br \/>\nJe \u010dlenkou solid\u00e1rn\u00ed platformy Spolek Skutek. Spolu s Barborou Kleinhamplovou je autorkou knihy rozhovor\u016f s um\u011blci a teoretiky Kdo je to um\u011blec? (AVU Praha, 2015), je spoluinici\u00e1torkou aktivistick\u00fdch projekt\u016f Nulov\u00e1 mzda nebo Feministick\u00e1 instituce.<\/p>\n<h3 id=\"ivan-me\u010dl\">2013 \/ Ivan Me\u010dl<\/h3>\n<p>Narozen 1968, je um\u011blec, kritik a organiz\u00e1tor. V devades\u00e1t\u00fdch letech zalo\u017eil nakladatelstv\u00ed Divus vyd\u00e1vaj\u00edc\u00ed v nepravideln\u00e9m intervalu a v n\u011bkolika jazykov\u00fdch mutac\u00edch \u010dasopis Um\u011blec. Mimoto vyd\u00e1v\u00e1 knihy, kter\u00e9 \u201eby nikdo jin\u00fd nevydal\u201c. V sou\u010dasn\u00e9 dob\u011b provozuje rovn\u011b\u017e kulturn\u00ed prostor Nov\u00e1 Perla ve Vran\u00e9m nad Vltavou, kde se konaj\u00ed v\u00fdstavy, koncerty, \u010dten\u00ed, divadeln\u00ed p\u0159edstaven\u00ed \u010di diskuse a je\u017e m\u00e1 b\u00fdt Novou N\u00e1rodn\u00ed Galeri\u00ed a z\u00e1zem\u00edm pro vyd\u00e1v\u00e1n\u00ed publikac\u00ed.<\/p>\n<h2 id=\"cena-v\u011bry-jirousov\u00e9-vkategorii-mlad\u00fdch-a-za\u010d\u00ednaj\u00edc\u00edch-kritik\u016f-um\u011bn\u00ed\">Cena V\u011bry Jirousov\u00e9 v\u00a0kategorii mlad\u00fdch a za\u010d\u00ednaj\u00edc\u00edch kritik\u016f um\u011bn\u00ed<\/h2>\n<h3>2023 \/ Noemi Purkr\u00e1bkov\u00e1<\/h3>\n<p>Noemi Purkr\u00e1bkov\u00e1 je studentka doktorsk\u00e9ho studia filmov\u00e9 a audiovizu\u00e1ln\u00ed teorie na FF UK, spoluzakladatelka amorfn\u00edho um\u011bleck\u00e9ho kolektivu BCAA system a \u010dlenka DJ uskupen\u00ed Blazing Bullets. Absolvovala studijn\u00ed st\u00e1\u017ee na Freie Universit\u00e4t Berlin a kated\u0159e filozofie pa\u0159\u00ed\u017esk\u00e9 Nanterre. V teorii, praxi i hudb\u011b se v\u011bnuje p\u0159edev\u0161\u00edm vztahu digit\u00e1ln\u00edch technologi\u00ed a vizu\u00e1ln\u00ed kultury a \u010dasto se p\u0159i tom pohybuje na nejasn\u00e9m \u00fazem\u00ed mezi teori\u00ed a fikc\u00ed. V sou\u010dasnosti pracuje jako redaktorka Art+Antiques.<\/p>\n<h3>2023 \/ Helena Todorov\u00e1 (\u010destn\u00e9 uzn\u00e1n\u00ed poroty)<\/h3>\n<p>Vystudovala d\u011bjiny um\u011bn\u00ed na Masarykov\u011b univerzit\u011b v Brn\u011b. Zaj\u00edm\u00e1 se o r\u016fzn\u00e9 formy sou\u010dasn\u00e9ho voln\u00e9ho um\u011bn\u00ed, zejm\u00e9na o interdisciplin\u00e1rn\u00ed p\u0159esahy v n\u011bm. Publikovala na webu \u010cT art, byla redaktorkou v kulturn\u00edm m\u011bs\u00ed\u010dn\u00edku Artikl, kde psala pro vy\u0301tvarnou rubriku, pro odborny\u0301 kulturn\u00ed \u010dasopis Kontexty napsala studii o propojen\u00ed z\u00e1ti\u0161\u00ed Juana Sanch\u00e9ze Cot\u00e1na a Josefa Sudka.<\/p>\n<h3 id=\"kl\u00e1ra-pelou\u0161kov\u00e1\">2021 \/\u00a0Tina Polia\u010dkov\u00e1<\/h3>\n<p>Narozena 1988,\u00a0vystudovala D\u011bjiny um\u011bn\u00ed na FF UK a magistersk\u00e9 studium Teorie a d\u011bjin modern\u00edho a sou\u010dasn\u00e9ho um\u011bn\u00ed na UMPRUM v Praze. V sou\u010dasnosti je doktorandkou na Akademii v\u00fdtvarn\u00fdch um\u011bn\u00ed v Praze. Spolupracuje s magaz\u00edny Art Antiques, artalk.cz nebo Flash Art CZ\/SK. Spolu s Lum\u00edrem Nyklem p\u016fsobila v r\u00e1mci v\u00fdstavn\u00ed a organiza\u010dn\u00ed \u010dinnosti kolektivu A.M.180 a od roku 2017 se spole\u010dn\u011b anga\u017euj\u00ed v nez\u00e1visl\u00fdch kur\u00e1torsk\u00fdch projektech. Moment\u00e1ln\u011b se v\u011bnuje zkoum\u00e1n\u00ed projev\u016f romantismu v sou\u010dasn\u00e9m um\u011bn\u00ed a vizu\u00e1ln\u00ed kultu\u0159e. Je tak\u00e9 \u010dlenkou DJ\/AV kolektivu Blazing Bullets, kde vystupuje jako DJka pod pseudonymem dirrtina.<\/p>\n<h3 id=\"kl\u00e1ra-pelou\u0161kov\u00e1\">2019 \/ Mat\u011bj Forejt<\/h3>\n<p>Narozen 1993, kritik, kur\u00e1tor a teoretik sou\u010dasn\u00e9ho um\u011bn\u00ed a filmu. Je redaktorem odborn\u00e9ho \u010dasopisu Iluminace, p\u016fsob\u00ed v odd\u011blen\u00ed filmov\u00e9 v\u00fdchovy N\u00e1rodn\u00edho filmov\u00e9ho archivu a extern\u011b spolupracuje s filmov\u00fdmi festivaly. Jako kritik a kur\u00e1tor se zam\u011b\u0159uje na vystavov\u00e1n\u00ed animace a pohybliv\u00e9ho obrazu. Pravideln\u011b publikuje v periodik\u00e1ch v\u011bnovan\u00fdch vizu\u00e1ln\u00edmu um\u011bn\u00ed a filmu, jako jsou Artalk.cz, Iluminace \u010di H_aluze. Vystudoval filmov\u00e1 studia na FF UK v Praze a teorii a d\u011bjiny modern\u00edho a sou\u010dasn\u00e9ho um\u011bn\u00ed na UMPRUM v Praze.<\/p>\n<h3>2016 \/\u00a0Tereza Hru\u0161kov\u00e1<\/h3>\n<p><span style=\"font-weight: 400;\">Narozena 1991, absolventka navazuj\u00edc\u00edho magistersk\u00e9ho studia D\u011bjiny a teorie um\u011bn\u00ed na UMPRUM. P\u016fsobila jako kur\u00e1torka mal\u00e9 galerie NIKA, aktu\u00e1ln\u011b spolupracuje s Fotograf Festivalem. O sou\u010dasn\u00e9m um\u011bn\u00ed p\u00ed\u0161e do r\u016fzn\u00fdch m\u00e9di\u00ed \u2013 mezi jin\u00fdmi Art+Antiques, A2 nebo \u010dasopisu Fotograf, publikuje t\u00e9\u017e na Artlist nebo Artalk.cz. Spolupracuje s platformou UMA: Audioguide, kde se pod\u00edl\u00ed na vzniku audiopr\u016fvodc\u016f pro nez\u00e1visl\u00e9 galerie. Mimo to tak\u00e9 kur\u00e1toruje v\u00fdstavy sou\u010dasn\u00e9ho um\u011bn\u00ed. Absolvovala studijn\u00ed pobyt v belgick\u00e9 Li\u00e8ge a pracovn\u00ed st\u00e1\u017e v n\u011bmeck\u00e9 galerii D21 v Lipsku.<\/span><\/p>\n<h3 id=\"kl\u00e1ra-pelou\u0161kov\u00e1\">2015 \/ Kl\u00e1ra Pelou\u0161kov\u00e1<\/h3>\n<p><span style=\"font-weight: 400;\">Narozena 1991, absolvovala bakal\u00e1\u0159sk\u00e9 studium d\u011bjin um\u011bn\u00ed a teorie interaktivn\u00edch m\u00e9di\u00ed na FF MU a ve studiu pokra\u010duje v navazuj\u00edc\u00edm magistersk\u00e9m stupni na kated\u0159e Teorie a d\u011bjin um\u011bn\u00ed pra\u017esk\u00e9 UMPRUM. Od roku 2016 je \u0161\u00e9fredaktorkou Artalk.cz. Byla koordin\u00e1torkou reziden\u010dn\u00edho programu studio das weisse haus (V\u00edde\u0148, Rakousko) a absolvovala st\u00e1\u017e v Peggy Guggenheim Collection (Ben\u00e1tky, It\u00e1lie). Vedle Artalk.cz publikovala texty tak\u00e9 ve \u010dtrn\u00e1ctiden\u00edku A2, Flash Art CZ\/SK, Designum a na platform\u011b Artlist.cz. P\u0159\u00edle\u017eitostn\u011b se v\u011bnuje kur\u00e1torstv\u00ed sou\u010dasn\u00e9ho um\u011bn\u00ed a designu. V letech 2012\u20132013 byla kur\u00e1torkou Galerie Art a galerie Anne Frank Memorial v Brn\u011b, a to v r\u00e1mci \u010dinnosti sdru\u017een\u00ed GRAU kollektiv, jeho\u017e je \u010dlenkou.<\/span><\/p>\n<h3 id=\"ane\u017eka-bartlov\u00e1\">2014 \/ Ane\u017eka Bartlov\u00e1<\/h3>\n<p><span style=\"font-weight: 400;\">Narozena 1988, je kriti\u010dka a teoreti\u010dka nejen sou\u010dasn\u00e9ho um\u011bn\u00ed. Vystudovala D\u011bjiny um\u011bn\u00ed na FF UK a Teorii a d\u011bjiny um\u011bn\u00ed na UMPRUM, kde pokra\u010duje v doktorsk\u00e9m studiu. Od roku 2016 je st\u00e1lou redaktorkou v \u010dasopisu art+antiques, d\u00e1le publikuje texty v A2, na webov\u00e9 platform\u011b a2larm, artalk.cz, v polsk\u00e9m \u010dasopise SZUM nebo Flash Art CZ\/SK. Spolupracovala s platformou UMA: You Make Art, v letech 2014\u20132016 se pod\u00edlela na b\u011bhu INI Gallery. Spolupracovala na sborn\u00ed\u010dku Pro koho to d\u011bl\u00e1\u0161? (tranzit, 2013) nebo na publikaci Lapid\u00e1rium (V\u0160UP, 2014), je editorkou knihy Manu\u00e1l monumentu (UMPRUM, 2016)<\/span>.<\/p>\n<h3 id=\"tereza-jindrov\u00e1\">2013 \/ Tereza Jindrov\u00e1<\/h3>\n<p><span style=\"font-weight: 400;\">Narozena 1988, vystudovala d\u011bjiny um\u011bn\u00ed na FF UK a teorii designu a nov\u00fdch m\u00e9di\u00ed na UMPRUM. Je kur\u00e1torkou program\u016f pro ve\u0159ejnost ve Spole\u010dnosti Jind\u0159icha Chalupeck\u00e9ho, kter\u00e1 mimo jin\u00e9 organizuje Cenu Jind\u0159icha Chalupeck\u00e9ho. P\u016fsob\u00ed tak\u00e9 jako extern\u00ed lektorka pro ve\u0159ejnost a st\u0159edn\u00ed \u0161koly ve Veletr\u017en\u00edm pal\u00e1ci NG, jako v\u00fdtvarn\u00e1 recenzentka na <\/span><span style=\"font-weight: 400;\">\u010cRo Vltava<\/span><span style=\"font-weight: 400;\"> a j<\/span><span style=\"font-weight: 400;\">ako kur\u00e1torka v galerii Entrance.<\/span><span style=\"font-weight: 400;\"> Mezi lety 2014\u20132017 byla v\u00fdtvarnou redaktorkou \u010dtrn\u00e1ctiden\u00edku A2, spolupracovala s platformou Arty\u010dok.TV. Je autorkou projektu Nika-Mal\u00e1 galerie UMPRUM a soustavn\u011b p\u0159ipravuje v\u00fdstavy v dal\u0161\u00edch instituc\u00edch. P\u0159isp\u00edv\u00e1 do periodik A2, Art+Antiques, Flash Art, Labyrint Revue a Artalk.cz.<\/span><\/p>\n","protected":false},"excerpt":{"rendered":"<p>V\u011bra Jirousov\u00e1 (1944\u20132011) Cena nese jm\u00e9no \u010desk\u00e9 b\u00e1sn\u00ed\u0159ky, kriti\u010dky a histori\u010dky um\u011bn\u00ed V\u011bry Jirousov\u00e9, kter\u00e1 se a\u017e do sv\u00e9 smrti ne\u00fanavn\u011b v\u011bnovala reflexi sou\u010dasn\u00e9ho um\u011bn\u00ed, publikovala dlouhou \u0159adu recenz\u00ed a sledovala d\u011bn\u00ed na v\u00fdtvarn\u00e9 sc\u00e9n\u011b. V\u011bra Jirousov\u00e1 byla sou\u010d\u00e1st\u00ed \u010desk\u00e9ho undergroundu a opozi\u010dn\u00edch kruh\u016f. Byla tajemnic\u00ed um\u011bleck\u00e9ho sdru\u017een\u00ed K\u0159\u00ed\u017eovnick\u00e1 \u0161kola \u010dist\u00e9ho humoru bez vtipu, kter\u00e9 zalo\u017eili um\u011blci Karel Nepra\u0161 a Jan Stekl\u00edk. Mezi jej\u00ed bl\u00edzk\u00e9 p\u0159\u00e1tele pat\u0159ili tak\u00e9 \u010dlenov\u00e9 skupiny The Plastic People of the Universe, kter\u00fdm napsala n\u011bkolik text\u016f p\u00edsn\u00ed. Jako signat\u00e1\u0159ka Charty 77 se za normalizace\u00a0nemohla ve sv\u00e9m oboru ve\u0159ejn\u011b realizovat, av\u0161ak sv\u00e9 b\u00e1sn\u011b zve\u0159ej\u0148ovala alespo\u0148 v samizdatov\u00fdch <a href=\"https:\/\/www.cenavj.cz\/?page_id=2\" class=\"more-link\" title=\"Read more\">\u2192<\/a><\/p>\n","protected":false},"author":1,"featured_media":0,"parent":0,"menu_order":0,"comment_status":"closed","ping_status":"open","template":"","meta":{"footnotes":""},"class_list":["post-2","page","type-page","status-publish","hentry"],"_links":{"self":[{"href":"https:\/\/www.cenavj.cz\/index.php?rest_route=\/wp\/v2\/pages\/2","targetHints":{"allow":["GET"]}}],"collection":[{"href":"https:\/\/www.cenavj.cz\/index.php?rest_route=\/wp\/v2\/pages"}],"about":[{"href":"https:\/\/www.cenavj.cz\/index.php?rest_route=\/wp\/v2\/types\/page"}],"author":[{"embeddable":true,"href":"https:\/\/www.cenavj.cz\/index.php?rest_route=\/wp\/v2\/users\/1"}],"replies":[{"embeddable":true,"href":"https:\/\/www.cenavj.cz\/index.php?rest_route=%2Fwp%2Fv2%2Fcomments&post=2"}],"version-history":[{"count":30,"href":"https:\/\/www.cenavj.cz\/index.php?rest_route=\/wp\/v2\/pages\/2\/revisions"}],"predecessor-version":[{"id":452,"href":"https:\/\/www.cenavj.cz\/index.php?rest_route=\/wp\/v2\/pages\/2\/revisions\/452"}],"wp:attachment":[{"href":"https:\/\/www.cenavj.cz\/index.php?rest_route=%2Fwp%2Fv2%2Fmedia&parent=2"}],"curies":[{"name":"wp","href":"https:\/\/api.w.org\/{rel}","templated":true}]}}