{"id":11,"date":"2021-06-01T07:12:49","date_gmt":"2021-06-01T07:12:49","guid":{"rendered":"http:\/\/cenavj.localhost\/?page_id=11"},"modified":"2025-12-05T15:01:18","modified_gmt":"2025-12-05T15:01:18","slug":"8-rocnik-souteze","status":"publish","type":"page","link":"https:\/\/www.cenavj.cz\/?page_id=11","title":{"rendered":"IX. ro\u010dn\u00edk sout\u011b\u017ee"},"content":{"rendered":"<p><img loading=\"lazy\" decoding=\"async\" class=\"size-large wp-image-684\" src=\"http:\/\/www.cenavj.cz\/wp-content\/uploads\/2025\/12\/MG_0846_1-2-1024x683.jpeg\" alt=\"\" width=\"840\" height=\"560\" srcset=\"https:\/\/www.cenavj.cz\/wp-content\/uploads\/2025\/12\/MG_0846_1-2-1024x683.jpeg 1024w, https:\/\/www.cenavj.cz\/wp-content\/uploads\/2025\/12\/MG_0846_1-2-200x133.jpeg 200w, https:\/\/www.cenavj.cz\/wp-content\/uploads\/2025\/12\/MG_0846_1-2-1536x1024.jpeg 1536w, https:\/\/www.cenavj.cz\/wp-content\/uploads\/2025\/12\/MG_0846_1-2-2048x1365.jpeg 2048w, https:\/\/www.cenavj.cz\/wp-content\/uploads\/2025\/12\/MG_0846_1-2-1200x800.jpeg 1200w, https:\/\/www.cenavj.cz\/wp-content\/uploads\/2025\/12\/MG_0846_1-2-600x400.jpeg 600w\" sizes=\"auto, (max-width: 709px) 85vw, (max-width: 909px) 67vw, (max-width: 1362px) 62vw, 840px\" \/>Laure\u00e1ti IX. ro\u010dn\u00edku CVJ 2025 \u2013 Ji\u0159\u00ed Sir\u016f\u010dek a Josef Ledvina, foto Kl\u00e1ra Kus\u00e1, kompletn\u00ed fotoreport <a href=\"https:\/\/www.facebook.com\/media\/set\/?vanity=cenavj&amp;set=a.1446109764189178\">zde<\/a><\/p>\n<p>&nbsp;<\/p>\n<p>&nbsp;<\/p>\n<h1>Laure\u00e1ti IX. ro\u010dn\u00edku Ceny V\u011bry Jirousov\u00e9 2025<\/h1>\n<h6 class=\"p1\"><strong>Cena V\u011bry Jirousov\u00e9 pro za\u010d\u00ednaj\u00edc\u00ed a etablovan\u00e9 kriti\u010dky a kritiky v\u00fdtvarn\u00e9ho um\u011bn\u00ed uzav\u0159ela dev\u00e1t\u00fd ro\u010dn\u00edk. Odborn\u00e1 porota rozhodla o ocen\u011bn\u00ed Ji\u0159\u00edho Sir\u016f\u010dka v kategorii za\u010d\u00ednaj\u00edc\u00edch kritik\u016f a kriti\u010dek a Josefa Ledviny v kategorii etablovan\u00fdch kritik\u016f a kriti\u010dek a za p\u0159\u00ednos oboru. Tiskov\u00e1 zpr\u00e1va 27. 11. 2025 2025. O um\u011blecky ztv\u00e1rn\u011bn\u00e9 ocen\u011bn\u00ed pro laure\u00e1ty se postaralo um\u011bleck\u00e9 duo Selmeci Kocka Jusko. Slavnostn\u00ed zakon\u010den\u00ed dev\u00e1t\u00e9ho ro\u010dn\u00edku prob\u011bhlo v Centru pro sou\u010dasn\u00e9 um\u011bn\u00ed Praha ve st\u0159edu 26. listopadu Slavnostn\u00edmu p\u0159ed\u00e1n\u00ed, kter\u00e9 moderovala Hana \u0158i\u010dicov\u00e1 a hudebn\u011b doprovodila rivermoans, p\u0159edch\u00e1zela diskuze s porotou na t\u00e9ma \u201eO kritice a nekritice\u201c veden\u00e1 Ane\u017ekou Bartlovou.<\/strong><\/h6>\n<p>&nbsp;<\/p>\n<p><strong>Laure\u00e1t v kategorii etablovan\u00fdch kritik\u016f a kriti\u010dek: Josef Ledvina<\/strong><br \/>\nPorota se v leto\u0161n\u00edm roce rozhodla ud\u011blit Cenu za v\u00fdtvarnou kritiku a za p\u0159\u00ednos oboru Josefu Ledvinovi. Ledvina (*1982) je historik um\u011bn\u00ed a um\u011bleck\u00fd kritik. P\u0159edn\u00e1\u0161\u00ed na Kated\u0159e fotografie Filmov\u00e9 a televizn\u00ed fakulty Akademie m\u00fazick\u00fdch um\u011bn\u00ed v Praze a je dlouholet\u00fdm redaktorem m\u011bs\u00ed\u010dn\u00edku <em>Art+Antiques<\/em>. Porota vyb\u00edrala z des\u00edtky nominovan\u00fdch, mezi nimi\u017e byli mj. kritik a pedagog Martin Dr\u00e1bek, kur\u00e1tor Richard Drury, kur\u00e1torka Ivana Hron\u010dekov\u00e1, publicista Tom\u00e1\u0161 Kli\u010dka, histori\u010dka um\u011bn\u00ed Mariana Plac\u00e1kov\u00e1, teoreti\u010dka Denisa Tomkov\u00e1 \u010di kur\u00e1tor Petr Va\u0148ous.<\/p>\n<p>Ledvina p\u00ed\u0161e dle n\u00e1zoru poroty srozumiteln\u011b a s nadhledem, \u010d\u00edm\u017e pom\u00e1h\u00e1 \u010dten\u00e1\u0159\u016fm a \u010dten\u00e1\u0159k\u00e1m zorientovat se v problematice bez ztr\u00e1ty intelektu\u00e1ln\u00ed hloubky. Postupn\u011b a logicky rozkr\u00fdv\u00e1 v\u00fdznamy a vnit\u0159n\u00ed rozpor sledovan\u00e9ho t\u00e9matu \u010di v\u00fdstavy, d\u00edlo ohled\u00e1v\u00e1 z r\u016fzn\u00fdch stran a p\u0159istupuje k n\u011bmu s trp\u011blivost\u00ed a zv\u00eddavost\u00ed. Jeho p\u0159\u00edstup je systematick\u00fd a p\u0159em\u00fd\u0161liv\u00fd, p\u0159i\u010dem\u017e si zachov\u00e1v\u00e1 p\u0159irozenou plynulost a rytmus my\u0161len\u00ed, kter\u00fd \u010dten\u00e1\u0159stvo vtahuje do textu. Porota vyzdvihla tak\u00e9 autorovu lehkost a smysl pro nads\u00e1zku a humor, d\u00edky nim\u017e dok\u00e1\u017ee zp\u0159\u00edstupnit i slo\u017eit\u011bj\u0161\u00ed t\u00e9mata. Jeho \u010dasto jemn\u011b satirick\u00fd styl, zalo\u017een\u00fd na vyprav\u011b\u010dsk\u00e9m citu a pozornosti k detailu, navazuje na tradici \u010desk\u00e9 liter\u00e1rn\u00ed esejistiky a posiluje jej\u00ed aktu\u00e1lnost v dne\u0161n\u00edm kontextu. Josef Ledvina je tak v\u00fdborn\u00fdm pozorovatelem se schopnost\u00ed \u201est\u0159ihov\u00e9 skladby\u201c \u2013 nejen textu, ale i my\u0161lenkov\u00fdch impuls\u016f. Dok\u00e1\u017ee ml\u010det o nepodstatn\u00e9m a b\u00fdt p\u0159esn\u00fdm, kritick\u00fdm pr\u016fvodcem tam, kde to m\u00e1 smysl. Jeho pr\u00e1ce p\u0159edstavuje spolehlivou n\u00e1zorovou ukotvenost a potvrzuje, \u017ee kritick\u00e9 psan\u00ed m\u016f\u017ee b\u00fdt z\u00e1rove\u0148 erudovan\u00e9, \u010dtiv\u00e9 i lidsky p\u0159ita\u017eliv\u00e9.<\/p>\n<p><strong>Laure\u00e1t v kategorii za\u010d\u00ednaj\u00edc\u00edch kritik\u016f a kriti\u010dek: Ji\u0159\u00ed Sir\u016f\u010dek<\/strong><br \/>\nV kategorii pro za\u010d\u00ednaj\u00edc\u00ed kritiky a kriti\u010dky se porota rozhodla ud\u011blit cenu Ji\u0159\u00edmu Sir\u016f\u010dkovi. Sir\u016f\u010dek (*1993) je \u010dlenem interdisciplin\u00e1rn\u00edho um\u011blecko-teoretick\u00e9ho kolektivu BCAAsystem a p\u016fsob\u00ed jako kur\u00e1tor a v\u00fdzkumn\u00edk ve Sdru\u017een\u00ed pro v\u00fdzkum a kolektivn\u00ed praxi Display. Sir\u016f\u010dek je rovn\u011b\u017e doktorandem na Kated\u0159e filmov\u00fdch studi\u00ed Filozofick\u00e9 fakulty Univerzity Karlovy, kde p\u0159edn\u00e1\u0161\u00ed o pohybliv\u00e9m obraze v sou\u010dasn\u00e9m um\u011bn\u00ed. Jeho texty byly publikov\u00e1ny v m\u00e9di\u00edch jako <em>Iluminace, ArteActa, Alarm, Art Antiques<\/em> \u010di <em>Artalk<\/em>, stejn\u011b jako v odborn\u00fdch sborn\u00edc\u00edch zam\u011b\u0159en\u00fdch na pr\u016fniky um\u011bn\u00ed a medi\u00e1ln\u00ed teorie. Jeho p\u0159ihl\u00e1\u0161en\u00fd text pod n\u00e1zvem <em>V\u00fdchodn\u00ed p\u0159\u00edsliby<\/em> se v\u011bnoval \u010dtrn\u00e1ct\u00e9mu ro\u010dn\u00edku <em>Fotograf Festivalu<\/em> a byl publikov\u00e1n v m\u011bs\u00ed\u010dn\u00edku <em>Art+Antiques<\/em>. Texty p\u0159ijat\u00e9 do t\u00e9to kategorie sout\u011b\u017ee byly hodnoceny v\u00fdhradn\u011b anonymn\u011b a se sv\u00fdm sout\u011b\u017en\u00edm textem se letos p\u0159ihl\u00e1silo t\u0159in\u00e1ct autorek a autor\u016f.<\/p>\n<p>Porotu na Sir\u016f\u010dkov\u011b textu zaujal promy\u0161len\u00fd a p\u0159esn\u00fd zp\u016fsob, jak\u00fdm autor propojil t\u00e9ma v\u00fdstavy se \u0161ir\u0161\u00edm kontextem postkoloni\u00e1ln\u00edch a dekoloniza\u010dn\u00edch debat. Sir\u016f\u010dek p\u0159esv\u011bd\u010div\u011b uk\u00e1zal, jak se tato problematika prom\u00edt\u00e1 do tuzemsk\u00e9ho prost\u0159ed\u00ed a sv\u00e9 z\u00e1v\u011bry podlo\u017eil logicky vystav\u011bnou argumentac\u00ed. Text prok\u00e1zal schopnost nahl\u00ed\u017eet zkouman\u00e9 ot\u00e1zky z mezin\u00e1rodn\u00ed i genera\u010dn\u00ed perspektivy a formulovat je srozumiteln\u011b v r\u00e1mci \u0161ir\u0161\u00edch kulturn\u00edch souvislost\u00ed. Porota d\u00e1le ocenila autorovu jazykovou kultivovanost, p\u0159irozenou lehkost a vtip, s nimi\u017e dok\u00e1zal propojit analytickou p\u0159esnost s osobn\u00edm vhledem. Celkov\u011b tak porota vyhodnotila jeho p\u0159\u00edsp\u011bvek jako kvalitn\u00ed p\u0159\u00edklad kritick\u00e9ho psan\u00ed, kter\u00e9 spojuje teoretickou pou\u010denost s aktu\u00e1ln\u00edm, srozumiteln\u00fdm a sebev\u011bdom\u00fdm pohledem na sou\u010dasn\u00e9 um\u011bn\u00ed.<\/p>\n<p><strong>Podm\u00ednky a ocen\u011bn\u00ed<\/strong><br \/>\nP\u0159ihl\u00e1\u0161ky byly p\u0159ij\u00edm\u00e1ny ve t\u0159ech jazyc\u00edch \u2013 \u010de\u0161tin\u011b, sloven\u0161tin\u011b a angli\u010dtin\u011b \u2013 a bez ohledu na dosa\u017een\u00e9 vzd\u011bl\u00e1n\u00ed, povol\u00e1n\u00ed, v\u011bk \u010di n\u00e1rodnost. Nominac\u00ed se \u00fa\u010dastnila \u0161irok\u00e1 ve\u0159ejnost. Leto\u0161n\u00ed laure\u00e1ti obdr\u017e\u00ed finan\u010dn\u00ed odm\u011bnu na podporu jejich publika\u010dn\u00ed a badatelsk\u00e9 \u010dinnosti v hodnot\u011b 10 000 K\u010d, um\u011blecky ztv\u00e1rn\u011bn\u00e9 ocen\u011bn\u00ed od um\u011bleck\u00e9 dvojice Selmeci Kocka Jusko, ro\u010dn\u00ed p\u0159edplatn\u00e9 \u010dasopis\u016f <em>A2 kulturn\u00ed \u010dtrn\u00e1ctiden\u00edk, Art+Antiques, FlashArt CZ\/SK, Fotograf Magazine<\/em> a <em>Texte zur Kunst<\/em> a poukaz do knihkupectv\u00ed ArtMap v hodnot\u011b 5 000 K\u010d. V kategorii za\u010d\u00ednaj\u00edc\u00ed kritiky pak tak\u00e9 laure\u00e1t obdr\u017e\u00ed reziden\u010dn\u00ed pobyt (3 noci v\u010detn\u011b dopravy a diet) v jednom z evropsk\u00fdch \u010cesk\u00fdch center.<\/p>\n<p><strong>Vyj\u00e1d\u0159en\u00ed Selmeci Kocka Jusko k v\u00fdtvarn\u00e9mu ocen\u011bn\u00ed<br \/>\n<\/strong>\u201ePro ocen\u011bn\u00ed jsme se rozhodli zpracovat d\u00edlo <em>Ucho<\/em>, kter\u00e9 je sou\u010d\u00e1st\u00ed \u0161ir\u0161\u00ed s\u00e9rie, na n\u00ed\u017e aktu\u00e1ln\u011b pracujeme. V p\u0159\u00edpad\u011b ocen\u011bn\u00ed se jedn\u00e1 o <em>Kamenn\u00e9 ucho<\/em>, inspirovan\u00e9 projevem Ursuly K. Le Guin pronesen\u00fdm k absolventk\u00e1m Bryn Mawr College v roce 1986. Kamenn\u00e9 ucho v tomto pojet\u00ed p\u0159edstavuje moc \u2013 a\u0165 u\u017e kapitalistickou, patriarch\u00e1ln\u00ed nebo institucion\u00e1ln\u00ed \u2013 kter\u00e1 odm\u00edt\u00e1 naslouchat hlas\u016fm a zku\u0161enostem \u017een \u010di jin\u00fdch marginalizovan\u00fdch skupin. S kamenn\u00fdm uchem nedoch\u00e1z\u00ed k vz\u00e1jemn\u00e9mu naslouch\u00e1n\u00ed ani skute\u010dn\u00e9 v\u00fdm\u011bn\u011b n\u00e1zor\u016f \u2013 komunikace se st\u00e1v\u00e1 monologem nebo p\u0159\u00edkazem. Kamenn\u00e9 ucho v\u0161ak nen\u00ed nep\u0159ekonatelnou p\u0159ek\u00e1\u017ekou \u2013 Le Guin vyz\u00fdv\u00e1 v\u0161echny, kdo jsou nevysly\u0161eni \u010di uml\u010deni, aby p\u0159esto mluvili, sd\u00edleli sv\u00e9 zku\u0161enosti a pou\u017e\u00edvali \u201emate\u0159sk\u00fd jazyk\u201c a t\u00edm m\u011bnili mapy \u2013 prom\u011b\u0148ovali to, co je pova\u017eov\u00e1no za znalosti \u010di realitu. Do kamenn\u00e9ho ucha jsme proto p\u0159idali jemn\u00fd mechanismus schopn\u00fd rezonance, jen\u017e m\u016f\u017ee hovo\u0159it o snaze vyj\u00e1d\u0159it co nej\u0161ir\u0161\u00ed spektrum zku\u0161enost\u00ed, o nutnosti neust\u00e1le mluvit k hluch\u00fdm u\u0161\u00edm. Pr\u00e1v\u011b to tak\u00e9 vn\u00edm\u00e1me jako podstatnou sou\u010d\u00e1st pr\u00e1ce um\u011bleck\u00fdch kritik\u016f a kriti\u010dek, kte\u0159\u00ed pom\u00e1haj\u00ed zesilovat hlasitost r\u016fzn\u00fdch zku\u0161enost\u00ed a perspektiv.\u201c<\/p>\n<p><img loading=\"lazy\" decoding=\"async\" class=\"alignleft wp-image-699\" src=\"http:\/\/www.cenavj.cz\/wp-content\/uploads\/2025\/12\/20251126_121144-577x1024.jpg\" alt=\"\" width=\"447\" height=\"793\" srcset=\"https:\/\/www.cenavj.cz\/wp-content\/uploads\/2025\/12\/20251126_121144-577x1024.jpg 577w, https:\/\/www.cenavj.cz\/wp-content\/uploads\/2025\/12\/20251126_121144-113x200.jpg 113w, https:\/\/www.cenavj.cz\/wp-content\/uploads\/2025\/12\/20251126_121144-865x1536.jpg 865w, https:\/\/www.cenavj.cz\/wp-content\/uploads\/2025\/12\/20251126_121144-1153x2048.jpg 1153w, https:\/\/www.cenavj.cz\/wp-content\/uploads\/2025\/12\/20251126_121144-scaled.jpg 1441w\" sizes=\"auto, (max-width: 447px) 85vw, 447px\" \/><\/p>\n<p>&nbsp;<\/p>\n<p>&nbsp;<\/p>\n<p>&nbsp;<\/p>\n<h1><\/h1>\n<p>&nbsp;<\/p>\n<h1><\/h1>\n<h1><img loading=\"lazy\" decoding=\"async\" class=\"aligncenter size-large wp-image-663\" src=\"http:\/\/www.cenavj.cz\/wp-content\/uploads\/2018\/09\/CVJ_2025_Slavnostni_vyhlaseni_FB_event_cover-1024x536.jpg\" alt=\"\" width=\"840\" height=\"440\" srcset=\"https:\/\/www.cenavj.cz\/wp-content\/uploads\/2018\/09\/CVJ_2025_Slavnostni_vyhlaseni_FB_event_cover-1024x536.jpg 1024w, https:\/\/www.cenavj.cz\/wp-content\/uploads\/2018\/09\/CVJ_2025_Slavnostni_vyhlaseni_FB_event_cover-200x105.jpg 200w, https:\/\/www.cenavj.cz\/wp-content\/uploads\/2018\/09\/CVJ_2025_Slavnostni_vyhlaseni_FB_event_cover-1536x804.jpg 1536w, https:\/\/www.cenavj.cz\/wp-content\/uploads\/2018\/09\/CVJ_2025_Slavnostni_vyhlaseni_FB_event_cover-2048x1072.jpg 2048w\" sizes=\"auto, (max-width: 709px) 85vw, (max-width: 909px) 67vw, (max-width: 1362px) 62vw, 840px\" \/><\/h1>\n<h1><\/h1>\n<h1>Slavnostn\u00ed vyhl\u00e1\u0161en\u00ed laure\u00e1t\u016f*tek IX. ro\u010dn\u00edku Ceny V\u011bry Jirousov\u00e9 &amp; diskuse s porotou<\/h1>\n<p>&nbsp;<\/p>\n<p class=\"p1\"><strong>st\u0159eda 26. listopadu 18:30\u201321:00, Acid Coffee, Praha<\/strong><\/p>\n<p>Srde\u010dn\u011b v\u00e1s zveme na slavnostn\u00ed vyhl\u00e1\u0161en\u00ed laure\u00e1t\u016f a laure\u00e1tek ji\u017e IX. ro\u010dn\u00edku Ceny V\u011bry Jirousov\u00e9 pro za\u010d\u00ednaj\u00edc\u00ed a etablovan\u00e9 kriti\u010dky a kritiky. T\u011b\u0161it se m\u016f\u017eete na moderovanou diskusi pod veden\u00edm Ane\u017eky Bartlov\u00e9 s leto\u0161n\u00ed porotou, ve kter\u00e9 zasedli Johana Lomov\u00e1, Michal Novotn\u00fd, Tina Polia\u010dkov\u00e1, Sr\u00e1\u010d Sam a Karel Vesel\u00fd. B\u011bhem ceremoni\u00e1lu hudebn\u011b vystoup\u00ed rivermoans a cel\u00fdm ve\u010derem pak provede Hana \u0158i\u010dicov\u00e1. O um\u011blecky ztv\u00e1rn\u011bn\u00e9 ocen\u011bn\u00ed se postaralo autorsk\u00e9 duo Selmeci Kocka Jusko.<\/p>\n<p class=\"p1\"><strong>Program<\/strong><\/p>\n<ul>\n<li class=\"p1\"><strong>18:30<br \/>\n<\/strong>Diskuse s porotou IX. ro\u010dn\u00edku Ceny V\u011bry Jirousov\u00e9 \u201eO kritice a nekritice\u201c<br \/>\nModer\u00e1torka Ane\u017eka Bartlov\u00e1<\/p>\n<p class=\"p1\">\u201eO kritice a nekritice\u201c<br \/>\nKritice se v posledn\u00edch letech dost\u00e1v\u00e1 nov\u00e9 pozornosti jako\u017eto n\u00e1stroji, kter\u00fd popisuje kolaps ekosyst\u00e9mu kultury. Z\u00e1rove\u0148 ale nep\u0159ib\u00fdv\u00e1 t\u011bch, kte\u0159\u00ed by se j\u00ed v\u011bnovali, sledujeme sp\u00ed\u0161e setrval\u00fd pokles aktivn\u00edho autorstva i produkce. V n\u011bkter\u00fdch oborech jej\u00ed d\u016fle\u017eitost roste jako orienta\u010dn\u00edho bodu v z\u00e1plav\u011b produkce (literatura, film), jinde pom\u00e1h\u00e1 upozor\u0148ovat na opomenut\u00e9 \u010di p\u0159ehl\u00ed\u017een\u00e9 perly, bojuje proti nostalgii (hudba) a n\u011bkdy pom\u00e1h\u00e1 s orientac\u00ed v institucion\u00e1ln\u00edm a celkov\u011b \u0161ir\u0161\u00edm kontextu (vizu\u00e1ln\u00ed um\u011bn\u00ed). V diskusi se dotkneme o\u010dek\u00e1v\u00e1n\u00ed a c\u00edl\u016f, kter\u00e9 od kritiky m\u00e1me, hlavn\u00ed ot\u00e1zkou ale bude, jak ji m\u00e1me a m\u016f\u017eeme podporovat?<\/p>\n<h1><\/h1>\n<\/li>\n<li class=\"p1\"><strong>20:00<br \/>\n<\/strong>Vyhl\u00e1\u0161en\u00ed laure\u00e1t\u016f a laure\u00e1tek<br \/>\nModer\u00e1torka Hana \u0158i\u010dicov\u00e1<br \/>\nHudebn\u00ed vystoupen\u00ed rivermoans (Marie Tu\u010dkov\u00e1)<\/li>\n<\/ul>\n<p style=\"font-weight: 400;\"><strong>\u00a0<\/strong><\/p>\n<h1>Podm\u00ednky \u00fa\u010dasti 2025<\/h1>\n<p>&nbsp;<\/p>\n<p style=\"font-weight: 400;\"><strong>Cena V\u011bry Jirousov\u00e9 za v\u00fdtvarnou kritiku a za p\u0159\u00ednos oboru<\/strong><\/p>\n<ul>\n<li>Kategorie je ur\u010dena etablovan\u00fdm \u017eij\u00edc\u00edm kritik\u016fm a kriti\u010dk\u00e1m v\u00fdtvarn\u00e9ho um\u011bn\u00ed z \u010desko-slovensk\u00e9ho kulturn\u00edho prost\u0159ed\u00ed, jejich\u017e pr\u00e1ce vykazuje dlouhodob\u00e9 kvality.<\/li>\n<li>Laure\u00e1ta vyb\u00edr\u00e1 odborn\u00e1 porota na z\u00e1klad\u011b nominac\u00ed ve\u0159ejnosti, \u010dlenov\u00e9 poroty se mohou nominac\u00ed rovn\u011b\u017e z\u00fa\u010dastnit.<\/li>\n<li>Nominace obsahuj\u00edc\u00ed jm\u00e9no a kr\u00e1tk\u00e9 zd\u016fvodn\u011bn\u00ed je mo\u017en\u00e9 zaslat na adresu:\u00a0<a href=\"mailto:info@www.cenavj.cz\">info@www.cenavj.cz<\/a>\u00a0do\u00a0<strong> 15. 9. 2025<\/strong>. Do p\u0159edm\u011btu e-mailu vepi\u0161te \u201e<strong>NOMINACE CVJ 2025<\/strong>\u201c.<\/li>\n<\/ul>\n<p style=\"font-weight: 400;\"><strong>Ocen\u011bn\u00ed<\/strong><\/p>\n<ul>\n<li>Um\u011blecky ztv\u00e1rn\u011bn\u00e9 ocen\u011bn\u00ed od Selmeci Kocka Jusko.<\/li>\n<li>Pouk\u00e1zka na n\u00e1kup knih v knihkupectv\u00ed Artmap v hodnot\u011b 5.000 K\u010d.<\/li>\n<li>Nepodm\u00edn\u011bn\u00e1 finan\u010dn\u00ed podpora publika\u010dn\u00ed a badatelsk\u00e9 \u010dinnosti ve v\u00fd\u0161i 10.000 K\u010d.<\/li>\n<li>Ro\u010dn\u00ed p\u0159edplatn\u00e9 \u010dasopis\u016f Texte zur Kunst, A2, Art Antiques, Flash Art Czech &amp; Slovak Edition a Fotograf.<\/li>\n<\/ul>\n<p style=\"font-weight: 400;\"><strong>\u00a0<\/strong><\/p>\n<p style=\"font-weight: 400;\"><strong>Cena V\u011bry Jirousov\u00e9 pro za\u010d\u00ednaj\u00edc\u00ed kritiky a kriti\u010dky<\/strong><\/p>\n<ul>\n<li>Cena je ur\u010dena za\u010d\u00ednaj\u00edc\u00edm kriti\u010dk\u00e1m a kritik\u016fm v\u00fdtvarn\u00e9ho um\u011bn\u00ed z \u010desko-slovensk\u00e9ho kulturn\u00edho prost\u0159ed\u00ed, bez ohledu na dosa\u017een\u00e9 vzd\u011bl\u00e1n\u00ed, povol\u00e1n\u00ed, v\u011bk \u010di n\u00e1rodnost.<\/li>\n<li>Do sout\u011b\u017ee jsou p\u0159ij\u00edm\u00e1ny autorsk\u00e9 kritiky a recenze um\u011bleck\u00fdch d\u011bl, publikac\u00ed, v\u00fdstav \u010di jin\u00fdch typ\u016f ud\u00e1lost\u00ed v\u00fdtvarn\u00e9ho um\u011bn\u00ed z \u010cR i zahrani\u010d\u00ed, a to jak nepublikovan\u00e9, tak i publikovan\u00e9 (pouze ve verzi p\u0159ed z\u00e1sahem redaktora). Porota je hodnot\u00ed jako anonymn\u00ed texty. Texty jsou p\u0159ij\u00edm\u00e1ny v \u010de\u0161tin\u011b, sloven\u0161tin\u011b a angli\u010dtin\u011b.<\/li>\n<li>Rozsah p\u0159\u00edsp\u011bvk\u016f mus\u00ed b\u00fdt do 10 000 znak\u016f v\u010detn\u011b mezer.<\/li>\n<li>P\u0159\u00edsp\u011bvky v elektronick\u00e9 podob\u011b (ve form\u00e1tu doc, docx \u010di pdf) zas\u00edlejte spolu se stru\u010dn\u00fdm \u017eivotopisem na adresu:\u00a0<a href=\"mailto:info@www.cenavj.cz\">info@www.cenavj.cz<\/a>\u00a0do\u00a0<strong> 15. 9. 2025<\/strong>, do p\u0159edm\u011btu e-mailu vepi\u0161te \u201e<strong>P\u0158IHL\u00c1\u0160KA CVJ 2025<\/strong>\u201c. Zasl\u00e1n\u00edm textu ud\u011blujete souhlas s jeho zve\u0159ejn\u011bn\u00edm na blogu CVJ.<\/li>\n<\/ul>\n<p style=\"font-weight: 400;\"><strong>Ocen\u011bn\u00ed<\/strong><\/p>\n<ul>\n<li>Um\u011blecky ztv\u00e1rn\u011bn\u00e9 ocen\u011bn\u00ed od Selmeci Kocka Jusko.<\/li>\n<li>Nepodm\u00edn\u011bn\u00e1 finan\u010dn\u00ed podpora publika\u010dn\u00ed a badatelsk\u00e9 \u010dinnosti ve v\u00fd\u0161i 10.000 K\u010d.<\/li>\n<li>Pouk\u00e1zka na n\u00e1kup knih v knihkupectv\u00ed Artmap v hodnot\u011b 5.000 K\u010d.<\/li>\n<li>Publikov\u00e1n\u00ed zaslan\u00e9ho textu na kritick\u00e9m blogu Ceny V\u011bry Jirousov\u00e9.<\/li>\n<li>Ro\u010dn\u00ed p\u0159edplatn\u00e9 \u010dasopis\u016f Texte zur Kunst, A2, Art Antiques, Flash Art Czech &amp; Slovak Edition a Fotograf.<\/li>\n<li>Reziden\u010dn\u00ed pobyt (3 noci v\u010detn\u011b dopravy a diet) v jednom z evropsk\u00fdch \u010cesk\u00fdch center (p\u0159ehled v\u0161ech \u010cC\u00a0<a href=\"https:\/\/www.czechcentres.cz\/our-network\">zde<\/a>).<\/li>\n<\/ul>\n<p>&nbsp;<\/p>\n<p><strong>Slavnostn\u00ed vyhl\u00e1\u0161en\u00ed laure\u00e1t\u016f obou kategori\u00ed prob\u011bhne na podzim 2025. <\/strong><\/p>\n<p><strong>V kategorii za\u010d\u00ednaj\u00edc\u00ed kritiky si porota vyhrazuje pr\u00e1vo ocen\u011bn\u00ed neud\u011blit.<\/strong><\/p>\n<p style=\"font-weight: 400;\"><strong>\u00a0<\/strong><\/p>\n<h2 style=\"text-align: left;\">Slo\u017een\u00ed odborn\u00e9 poroty pro rok 2025<\/h2>\n<p>&nbsp;<\/p>\n<p id=\"ji\u0159\u00ed-pt\u00e1\u010dek-1975\"><strong>Johana Lomov\u00e1 (1984)<\/strong><\/p>\n<p><img loading=\"lazy\" decoding=\"async\" class=\"alignleft wp-image-549 size-medium\" src=\"https:\/\/www.cenavj.cz\/wp-content\/uploads\/2025\/08\/JL-200x200.jpeg\" alt=\"\" width=\"200\" height=\"200\" srcset=\"https:\/\/www.cenavj.cz\/wp-content\/uploads\/2025\/08\/JL-200x200.jpeg 200w, https:\/\/www.cenavj.cz\/wp-content\/uploads\/2025\/08\/JL-1024x1024.jpeg 1024w, https:\/\/www.cenavj.cz\/wp-content\/uploads\/2025\/08\/JL-150x150.jpeg 150w, https:\/\/www.cenavj.cz\/wp-content\/uploads\/2025\/08\/JL-1536x1536.jpeg 1536w, https:\/\/www.cenavj.cz\/wp-content\/uploads\/2025\/08\/JL-1200x1200.jpeg 1200w, https:\/\/www.cenavj.cz\/wp-content\/uploads\/2025\/08\/JL.jpeg 1752w\" sizes=\"auto, (max-width: 200px) 85vw, 200px\" \/><\/p>\n<p>je histori\u010dka um\u011bn\u00ed a kriti\u010dka, p\u016fsob\u00ed na Vysok\u00e9 \u0161kole um\u011bleckopr\u016fmyslov\u00e9 v Praze, kde mimo jin\u00e9 vyu\u010duje kurzy v\u011bnovan\u00e9 v\u00fdtvarn\u00e9 kritice a sou\u010dasn\u00e9mu um\u011bn\u00ed. Ve sv\u00e9 odborn\u00e9 pr\u00e1ci se zam\u011b\u0159uje na politick\u00e9 a spole\u010densk\u00e9 podm\u00ednky um\u011bleck\u00e9 praxe, napsala \u010dl\u00e1nek o cenzu\u0159e a Svazu \u010deskoslovensk\u00fdch v\u00fdtvarn\u00fdch um\u011blc\u016f, v sou\u010dasn\u00e9 dob\u011b je sou\u010d\u00e1st\u00ed projektu v\u011bnovan\u00e9ho um\u011bleckopr\u016fmyslov\u00e9mu \u0161kolstv\u00ed (<u><a href=\"https:\/\/mistatvorivosti.umprum.cz\/\">https:\/\/mistatvorivosti.umprum.cz\/<\/a><\/u>). V minulosti p\u016fsobila jako redaktorka v \u010dasopisu <em>Art+Antiques<\/em>, do kter\u00e9ho st\u00e1le p\u0159isp\u00edv\u00e1 a texty publikuje tak\u00e9 na Artalk.cz. Je \u010dlenkou v\u00fdboru Spolku Skutek.<\/p>\n<p>&nbsp;<\/p>\n<p><strong>Michal Novotn\u00fd (1985)<\/strong><\/p>\n<p><img loading=\"lazy\" decoding=\"async\" class=\"alignleft wp-image-551 size-medium\" src=\"https:\/\/www.cenavj.cz\/wp-content\/uploads\/2025\/08\/MN-200x200.jpeg\" alt=\"\" width=\"200\" height=\"200\" srcset=\"https:\/\/www.cenavj.cz\/wp-content\/uploads\/2025\/08\/MN-200x200.jpeg 200w, https:\/\/www.cenavj.cz\/wp-content\/uploads\/2025\/08\/MN-1024x1024.jpeg 1024w, https:\/\/www.cenavj.cz\/wp-content\/uploads\/2025\/08\/MN-150x150.jpeg 150w, https:\/\/www.cenavj.cz\/wp-content\/uploads\/2025\/08\/MN-1536x1536.jpeg 1536w, https:\/\/www.cenavj.cz\/wp-content\/uploads\/2025\/08\/MN-2048x2048.jpeg 2048w, https:\/\/www.cenavj.cz\/wp-content\/uploads\/2025\/08\/MN-1200x1200.jpeg 1200w\" sizes=\"auto, (max-width: 200px) 85vw, 200px\" \/><\/p>\n<p>je od roku 2019 \u0159editelem Sb\u00edrky um\u011bn\u00ed po roce 1945 N\u00e1rodn\u00ed galerie v Praze a od roku 2024 komisa\u0159em \u010desk\u00e9ho pavilonu na Ben\u00e1tsk\u00e9m bien\u00e1le. Vyu\u010duje tak\u00e9 na Vysok\u00e9 \u0161kole um\u011bleckopr\u016fmyslov\u00e9 v Praze a v letech 2011 a\u017e 2018 byl \u0159editelem Centra sou\u010dasn\u00e9ho um\u011bn\u00ed FUTURA v Praze. Jeho v\u00fdzkum se zam\u011b\u0159uje na identitu st\u0159edoevropsk\u00e9ho a v\u00fdchodoevropsk\u00e9ho um\u011bn\u00ed. Mezi jeho posledn\u00ed projekty pat\u0159\u00ed expozice 1939\u20132021: Konec \u010dernob\u00edl\u00e9 doby (spole\u010dn\u011b s Evou Skopalovou a Ad\u00e9lou Jan\u00ed\u010dkovou), N\u00e1rodn\u00ed galerie v Praze, 2023; spolupr\u00e1ce s Centre Pompidou na festivalu MOVE: Intimita jako vzdor v N\u00e1rodn\u00ed galerii v Praze a Centre Pompidou v Pa\u0159\u00ed\u017ei, a v neposledn\u00ed \u0159ad\u011b projekt Kv\u011btinov\u00e1 unie v Rad\u011b Evropsk\u00e9 unie v Bruselu, oba v roce 2022. Novotn\u00fd je rovn\u011b\u017e laure\u00e1tem IV. ro\u010dn\u00edku CVJ (2016) v kategorii etablovan\u00fdch kritik\u016f a kriti\u010dek.<\/p>\n<p>&nbsp;<\/p>\n<p><strong>Tina Polia\u010dkov\u00e1 (1988)<\/strong><\/p>\n<p><img loading=\"lazy\" decoding=\"async\" class=\"alignleft wp-image-553 size-medium\" src=\"https:\/\/www.cenavj.cz\/wp-content\/uploads\/2025\/08\/TN-200x200.jpeg\" alt=\"\" width=\"200\" height=\"200\" srcset=\"https:\/\/www.cenavj.cz\/wp-content\/uploads\/2025\/08\/TN-200x200.jpeg 200w, https:\/\/www.cenavj.cz\/wp-content\/uploads\/2025\/08\/TN-1024x1024.jpeg 1024w, https:\/\/www.cenavj.cz\/wp-content\/uploads\/2025\/08\/TN-150x150.jpeg 150w, https:\/\/www.cenavj.cz\/wp-content\/uploads\/2025\/08\/TN-1536x1536.jpeg 1536w, https:\/\/www.cenavj.cz\/wp-content\/uploads\/2025\/08\/TN-2048x2048.jpeg 2048w, https:\/\/www.cenavj.cz\/wp-content\/uploads\/2025\/08\/TN-1200x1200.jpeg 1200w\" sizes=\"auto, (max-width: 200px) 85vw, 200px\" \/><\/p>\n<p>je kur\u00e1torka a kriti\u010dka sou\u010dasn\u00e9ho um\u011bn\u00ed. Vystudovala D\u011bjiny um\u011bn\u00ed na FF UK a magistersk\u00e9 studium Teorie a d\u011bjin modern\u00edho a sou\u010dasn\u00e9ho um\u011bn\u00ed na UMPRUM v Praze. Moment\u00e1ln\u011b je doktorandkou na Akademii v\u00fdtvarn\u00fdch um\u011bn\u00ed v Praze, kde se v\u011bnuje zkoum\u00e1n\u00ed projev\u016f romantismu v sou\u010dasn\u00e9m um\u011bn\u00ed a vizu\u00e1ln\u00ed kultu\u0159e. Spolupracuje s magaz\u00edny Art+Antiques, Artalk.cz nebo Flash Art CZ\/SK, kde taky p\u016fsob\u00ed v redak\u010dn\u00ed rad\u011b. Spolu s Lum\u00edrem Nyklem p\u0159ipravili n\u011bkolik nez\u00e1visl\u00fdch kur\u00e1torsk\u00fdch projekt\u016f, jako nap\u0159\u00edklad <em>Kozel-Alkazar<\/em> pro Zaazrak Dornych v\u00a0Brn\u011b (2020), <em>Dandies <\/em><em>Loiter Through the Night <\/em>v\u00a0Garage gallery v\u00a0Praze (2021) nebo <em>V\u0161echno krom\u011b l\u017ei na z\u00e1mku<\/em> Klenov\u00e1 v\u00a0r\u00e1mci galerie Klatovy\/Klenov\u00e1 (2023). Od roku 2023 vede galerii Hole\u0161ovick\u00e1 \u0161achta v\u00a0Praze, kde pravideln\u011b p\u0159ipravuje v\u00fdstavy propojuj\u00edc\u00ed \u010desk\u00e9 a\u00a0zahrani\u010dn\u00ed um\u011blce<em>*kyn\u011b<\/em>. Polia\u010dkov\u00e1 je rovn\u011b\u017e dr\u017eitelkou XII. Ceny V\u011bry Jirousov\u00e9 (2021) pro za\u010d\u00ednaj\u00edc\u00ed kritiky a kriti\u010dky.<\/p>\n<p>&nbsp;<\/p>\n<p><strong>Sr\u00e1\u010d Sam (1969)<\/strong><\/p>\n<p><img loading=\"lazy\" decoding=\"async\" class=\"alignleft wp-image-552 size-medium\" src=\"https:\/\/www.cenavj.cz\/wp-content\/uploads\/2025\/08\/SS-200x200.jpeg\" alt=\"\" width=\"200\" height=\"200\" srcset=\"https:\/\/www.cenavj.cz\/wp-content\/uploads\/2025\/08\/SS-200x200.jpeg 200w, https:\/\/www.cenavj.cz\/wp-content\/uploads\/2025\/08\/SS-1024x1024.jpeg 1024w, https:\/\/www.cenavj.cz\/wp-content\/uploads\/2025\/08\/SS-150x150.jpeg 150w, https:\/\/www.cenavj.cz\/wp-content\/uploads\/2025\/08\/SS-1536x1536.jpeg 1536w, https:\/\/www.cenavj.cz\/wp-content\/uploads\/2025\/08\/SS-1200x1201.jpeg 1200w, https:\/\/www.cenavj.cz\/wp-content\/uploads\/2025\/08\/SS.jpeg 1841w\" sizes=\"auto, (max-width: 200px) 85vw, 200px\" \/><\/p>\n<p>je um\u011blkyn\u011b a kur\u00e1torka, kter\u00e1 od poloviny osmdes\u00e1t\u00fdch let vytv\u00e1\u0159\u00ed platformu pro um\u011bn\u00ed zalo\u017eenou na p\u0159\u00e1telstv\u00ed a anarchofeministick\u00e9m principu. Ve\u0159ejn\u011b na um\u011bleck\u00e9 sc\u00e9n\u011b p\u016fsob\u00ed od konce devades\u00e1t\u00fdch let. Ve sv\u00e9 praxi se v\u011bnuje revizi spole\u010densk\u00fdch manipulativn\u00edch vzorc\u016f a odhalov\u00e1n\u00ed situac\u00ed \u00fatlaku. P\u0159\u00edstupy demonstruje v oblasti jazyka, um\u011bn\u00ed a architektury, ale i v b\u011b\u017en\u00fdch spole\u010densk\u00fdch vztaz\u00edch. Jej\u00ed d\u00edla jsou sou\u010d\u00e1st\u00ed sb\u00edrky N\u00e1rodn\u00ed galerie a Galerie hlavn\u00edho m\u011bsta Prahy. V roce 2018 byla hostuj\u00edc\u00ed pedago\u017ekou na Kated\u0159e dokumentu na FAMU, 2021 byly spole\u010dn\u011b s Denisou Bytelovou hostuj\u00edc\u00edmi kur\u00e1torkami v Galerii Kurzor, Centru pro sou\u010dasn\u00e9 um\u011bn\u00ed Praha. Od roku 2010 vyd\u00e1v\u00e1 nez\u00e1visl\u00fd \u010dasopis <em>PI\u017dMO<\/em> a kni\u017en\u011b vydala texty <em>Vanda<\/em> (2011), <em>Kuniba m\u00e1 r\u00e1d v\u011bci t\u0159ikr\u00e1t<\/em> (2011) a <em>Strach m\u00e9ho mu\u017ee<\/em> (2017). Od 2023 \u010dlenkou redak\u010dn\u00ed rady NAVU, 2023\u20132025 \u010dlenkou poroty Cena Jind\u0159icha Chalupeck\u00e9ho.<\/p>\n<p>&nbsp;<\/p>\n<p><strong>Karel Vesel\u00fd (1976)<\/strong><\/p>\n<p><img loading=\"lazy\" decoding=\"async\" class=\"alignleft wp-image-550 size-medium\" src=\"https:\/\/www.cenavj.cz\/wp-content\/uploads\/2025\/08\/KV-200x200.jpeg\" alt=\"\" width=\"200\" height=\"200\" srcset=\"https:\/\/www.cenavj.cz\/wp-content\/uploads\/2025\/08\/KV-200x200.jpeg 200w, https:\/\/www.cenavj.cz\/wp-content\/uploads\/2025\/08\/KV-1024x1024.jpeg 1024w, https:\/\/www.cenavj.cz\/wp-content\/uploads\/2025\/08\/KV-150x150.jpeg 150w, https:\/\/www.cenavj.cz\/wp-content\/uploads\/2025\/08\/KV-1536x1536.jpeg 1536w, https:\/\/www.cenavj.cz\/wp-content\/uploads\/2025\/08\/KV-2048x2048.jpeg 2048w, https:\/\/www.cenavj.cz\/wp-content\/uploads\/2025\/08\/KV-1200x1200.jpeg 1200w\" sizes=\"auto, (max-width: 200px) 85vw, 200px\" \/><\/p>\n<p>je hudebn\u00ed publicista, spisovatel a od podzimu 2023 vedouc\u00ed kulturn\u00ed rubriky Den\u00edku Alarm. Absolvoval FF MUNI, jako publicista na voln\u00e9 noze se \u017eiv\u00ed od roku 2008. P\u00ed\u0161e o popul\u00e1rn\u00ed hudb\u011b v kulturn\u011b-spole\u010densk\u00fdch kontextech. Pro\u0161el mmj. redakcemi \u010cRo-Radio Wave, Full Moon nebo Aktu\u00e1ln\u011b.cz. Je autorem publicistick\u00fdch knih <em>Hudba ohn\u011b<\/em> (2010), <em>Planeta Nippon<\/em> (s Annou K\u0159iv\u00e1nkovou a Anton\u00ednem Tesa\u0159em) (2018), <em>V\u0161echny ko\u010dky jsou \u0161ed\u00e9<\/em> (s Milo\u0161em Hrochem) (2020) a <em>Hudba srdce<\/em> (2024). Dvakr\u00e1t se objevil v nominac\u00edch Magnesie Litery. Napsal tak\u00e9 rom\u00e1ny <em>BombaFunk<\/em> (2018) a <em>Kov<\/em> (2022). Pod\u00edlel se na sc\u00e9n\u00e1\u0159i k televizn\u00edmu dokument\u00e1rn\u00edmu seri\u00e1lu \u010cesk\u00e9 televize <em>Rapstory<\/em> (2022) a pro \u010cRo-Radio Wave vytvo\u0159il podcastovou s\u00e9rii <em>Anatomie lovesongu<\/em> (2024). Pravideln\u011b nat\u00e1\u010d\u00ed nat\u00e1\u010d\u00ed podcasty <em>Rapspot<\/em> a <em>Soundsyst\u00e9m<\/em>. Je \u010dlenem poroty hudebn\u00edch cen Vinyla.<\/p>\n<p>&nbsp;<\/p>\n<p><strong>Cenu V\u011bry Jirousov\u00e9 od roku 2021 spole\u010dn\u011b po\u0159\u00e1daj\u00ed Art Antiques, Artalk.cz, Arty\u010dok.TV, Centrum pro sou\u010dasn\u00e9 um\u011bn\u00ed Praha a Spolek Skutek.<\/strong><\/p>\n<p>Leto\u0161n\u00ed ro\u010dn\u00edk Ceny V\u011bry Jirousov\u00e9 prob\u00edh\u00e1 ve spolupr\u00e1ci s \u010cesk\u00fdmi centry a s podporou Texte zur Kunst, Art+Antiques, Artalk.cz, FlashArt CZ\/SK, Fotograf, A2 kulturn\u00ed \u010dtrn\u00e1ctiden\u00edk, ArtMap. Finan\u010dn\u011b projekt podpo\u0159ily: Ministerstvo kultury C\u030cR, M\u011bstsk\u00e1 \u010d\u00e1st Praha 7, \u010dlenov\u00e9 spolku Cena V\u011bry Jirousov\u00e9 z. s. a hunt kastner.<\/p>\n<p>&nbsp;<\/p>\n","protected":false},"excerpt":{"rendered":"<p>Laure\u00e1ti IX. ro\u010dn\u00edku CVJ 2025 \u2013 Ji\u0159\u00ed Sir\u016f\u010dek a Josef Ledvina, foto Kl\u00e1ra Kus\u00e1, kompletn\u00ed fotoreport zde &nbsp; &nbsp; Laure\u00e1ti IX. ro\u010dn\u00edku Ceny V\u011bry Jirousov\u00e9 2025 Cena V\u011bry Jirousov\u00e9 pro za\u010d\u00ednaj\u00edc\u00ed a etablovan\u00e9 kriti\u010dky a kritiky v\u00fdtvarn\u00e9ho um\u011bn\u00ed uzav\u0159ela dev\u00e1t\u00fd ro\u010dn\u00edk. Odborn\u00e1 porota rozhodla o ocen\u011bn\u00ed Ji\u0159\u00edho Sir\u016f\u010dka v kategorii za\u010d\u00ednaj\u00edc\u00edch kritik\u016f a kriti\u010dek a Josefa Ledviny v kategorii etablovan\u00fdch kritik\u016f a kriti\u010dek a za p\u0159\u00ednos oboru. Tiskov\u00e1 zpr\u00e1va 27. 11. 2025 2025. O um\u011blecky ztv\u00e1rn\u011bn\u00e9 ocen\u011bn\u00ed pro laure\u00e1ty se postaralo um\u011bleck\u00e9 duo Selmeci Kocka Jusko. Slavnostn\u00ed zakon\u010den\u00ed dev\u00e1t\u00e9ho ro\u010dn\u00edku prob\u011bhlo v Centru pro sou\u010dasn\u00e9 um\u011bn\u00ed Praha ve st\u0159edu 26. <a href=\"https:\/\/www.cenavj.cz\/?page_id=11\" class=\"more-link\" title=\"Read more\">\u2192<\/a><\/p>\n","protected":false},"author":1,"featured_media":0,"parent":0,"menu_order":0,"comment_status":"closed","ping_status":"closed","template":"","meta":{"footnotes":""},"class_list":["post-11","page","type-page","status-publish","hentry"],"_links":{"self":[{"href":"https:\/\/www.cenavj.cz\/index.php?rest_route=\/wp\/v2\/pages\/11","targetHints":{"allow":["GET"]}}],"collection":[{"href":"https:\/\/www.cenavj.cz\/index.php?rest_route=\/wp\/v2\/pages"}],"about":[{"href":"https:\/\/www.cenavj.cz\/index.php?rest_route=\/wp\/v2\/types\/page"}],"author":[{"embeddable":true,"href":"https:\/\/www.cenavj.cz\/index.php?rest_route=\/wp\/v2\/users\/1"}],"replies":[{"embeddable":true,"href":"https:\/\/www.cenavj.cz\/index.php?rest_route=%2Fwp%2Fv2%2Fcomments&post=11"}],"version-history":[{"count":91,"href":"https:\/\/www.cenavj.cz\/index.php?rest_route=\/wp\/v2\/pages\/11\/revisions"}],"predecessor-version":[{"id":700,"href":"https:\/\/www.cenavj.cz\/index.php?rest_route=\/wp\/v2\/pages\/11\/revisions\/700"}],"wp:attachment":[{"href":"https:\/\/www.cenavj.cz\/index.php?rest_route=%2Fwp%2Fv2%2Fmedia&parent=11"}],"curies":[{"name":"wp","href":"https:\/\/api.w.org\/{rel}","templated":true}]}}